{"id":209,"date":"2021-11-24T11:08:31","date_gmt":"2021-11-24T11:08:31","guid":{"rendered":"https:\/\/satukiljunen.com\/?page_id=209"},"modified":"2021-11-24T15:32:02","modified_gmt":"2021-11-24T15:32:02","slug":"utstallnings-info","status":"publish","type":"page","link":"https:\/\/satukiljunen.com\/index.php\/utstallnings-info\/","title":{"rendered":"utst\u00e4llnings info"},"content":{"rendered":"\n<p><strong>Satu Kiljunens utst\u00e4llning<br>2 &#8211; 30.4. 2011, on-s\u00f6 14.00-17.00 ,<br>DAGMARSGATAN 13 B 6, 00100, Helsingfors<\/strong><br><br>Satu Kiljunens nya och ovanliga utst\u00e4llning presenteras i ett privata utrymme, i hennes \u201dandra hem\u201d och atelj\u00e9, i Helsingfors centrum. Det privata utrymmets karakt\u00e4r och skala lyfter fram konstverkens inneh\u00e5ll p\u00e5 ett annorlunda s\u00e4tt.<br><\/p>\n\n\n\n<p>Utst\u00e4llningen best\u00e5r av figurativa m\u00e5lningar och m\u00e5lade skulpturer. Under de senaste \u00e5ren har Satu Kiljunen i sitt arbete fokuserat p\u00e5 dialogen mellan det m\u00e5lade och det tredimensionella. Motivkretsen, best\u00e5r av hennes n\u00e4rmaste, sonen, modern, och den avlidna fadern. Genom att avbilda sin son Ronnies, afrikanska ansiktsdrag, har Kiljunen kunnat bearbeta olika \u00e4mnen. Redan f\u00f6r l\u00e4nge sen gjorde hon tv\u00e5 reliefer, varav en svart och en vit. Att anv\u00e4nda samma reliefgrund har gjort det m\u00f6jligt<br>f\u00f6r henne att forska i, och visa p\u00e5, de starka kulturella faktorer som p\u00e5verkar v\u00e5rt seende.<br>\u201dBoyman\u201d &#8211; serien f\u00f6r i sin tur fram olika s\u00e4tt p\u00e5 vilka man m\u00e5lar f\u00e4rgad hy, s\u00e4tt som bottnar i den v\u00e4sterl\u00e4ndska bildkonstens traditioner samt m\u00e5larteknikens historia.<br>Satu Kiljunens far dog f\u00f6r tio \u00e5r sedan. Genast efter hans bortg\u00e5ng<br>var hon med om att tv\u00e4tta hans kropp. \u201dJag filmade d\u00e5 hans sj\u00e4ls boning\u201d, s\u00e4ger Kiljunen, \u201dmen f\u00f6rst nu har jag kunnat bearbeta<br>materialet och skapa ett konstverk av det\u201d.<br>Kiljunens mor \u00e5terigen fyller snart 80 \u00e5r. Hennes ansiktsuttryck ochderas st\u00e4ndigt f\u00f6r\u00e4nderliga karakt\u00e4r har varit en utg\u00e5ngspunkt f\u00f6r serien konstverk kring henne.<br><\/p>\n\n\n\n<p>D\u00e5 Satu Kiljunen gick ut Konstakademin i slutet av 70 \u2013 talet, upplevde hon konstv\u00e4ldens kommersialism som mycket f\u00f6rvirrande. Under tv\u00e5 \u00e5rs tid, innan hon p\u00e5 heltid b\u00f6rjade jobba med performance &#8211; gruppen Jack Helen Brut, arbetade hon med att konservera \u00c5bo Domkyrkans medeltida skulpturer och speciellt m\u00e5laren &#8211; skulpt\u00f6ren Berndt Notkes polykroma skulpturer. Nu, tre decennier senare, s\u00e4ger sig Kiljunen uppleva en stark n\u00e4rhet till denna skulpt\u00f6r i sitt arbete med att framst\u00e4lla sina ansiktsreliefer. <\/p>\n\n\n\n<p>Under sina konststudier gjorde hon ocks\u00e5 kopior i olika slags teknik. Detta och arbetet med att<br>undervisa olika tekniker i m\u00e5leri, tillsammans med en synnerligen n\u00e4ra relation till konsthistorien, har sammanlagt bidragit till Kiljunens uppfattning om m\u00e5lningen som \u00e4ven en teknisk konstruktion. Denna aspekt, med det tekniska som konceptuellt inneh\u00e5ll, b\u00e5de som visuell och synlig styrka men ocks\u00e5 bortom det synliga, det som bara anas, har alltid funnits som en del av Kiljunens konstn\u00e4rskap, ocks\u00e5 i hennes performance-produktion. Just i denna utst\u00e4llning f\u00e5r denna infallsvinkel en f\u00f6rh\u00f6jd betydelse d\u00e5 konstverkens olika aspekter, motiv, visualitet och konseptualitet, m\u00f6ts och \/eller kolliderar p\u00e5 ett ovanligt fruktbar s\u00e4tt.<br><\/p>\n\n\n\n<p>Satu Kiljunen st\u00e4ller de stora fr\u00e5gorna kring att vara m\u00e4nniska och kring m\u00e4nskligheten p\u00e5 ett s\u00e4tt som g\u00f6r det m\u00f6jligt att st\u00e4lla och f\u00e5svar p\u00e5 fr\u00e5gorna ur ett o\u00e4ndligt antal perspektiv samtidigt. Perspektiv som \u201dliv och d\u00f6d\u201d, \u201df\u00e4rgad &#8211; ickef\u00e4rgad\u201d, \u201dtredimensionell &#8211;<br>tv\u00e5dimensionell\u201d, \u201dhistorisk identitet &#8211; enskild identitet\u201d, \u201dprivat &#8211; allm\u00e4n\u201d, f\u00f6r att bara n\u00e4mna ett f\u00e5tal av de fr\u00e5gest\u00e4llningar som ryms i denna ovanliga och f\u00f6rt\u00e4tade helhet. Ovanlig ocks\u00e5 i den bem\u00e4rkelsen att utst\u00e4llningsutrymmets geografiska placering, ett privat hem i centrum av en storstad, \u00e4r en del av helhetens konceptuella och visuellainneh\u00e5ll.<br>Kiljunens tekniska noggrannhet resulterar dessutom i att varje enskilt verk utstr\u00e5lar samma intensitet som utst\u00e4llning i sin helheten.<br><br>V\u00e4lkommen<\/p>\n","protected":false},"excerpt":{"rendered":"<p>Satu Kiljunens utst\u00e4llning2 &#8211; 30.4. 2011, on-s\u00f6 14.00-17.00 ,DAGMARSGATAN 13 B 6, 00100, Helsingfors Satu Kiljunens nya och ovanliga utst\u00e4llning presenteras i ett privata utrymme, i hennes \u201dandra hem\u201d och atelj\u00e9, i Helsingfors centrum. Det privata utrymmets karakt\u00e4r och skala lyfter fram konstverkens inneh\u00e5ll p\u00e5 ett annorlunda s\u00e4tt. Utst\u00e4llningen best\u00e5r av figurativa m\u00e5lningar och m\u00e5lade&#8230;<\/p>\n","protected":false},"author":1,"featured_media":0,"parent":0,"menu_order":0,"comment_status":"closed","ping_status":"closed","template":"","meta":{"_kadence_starter_templates_imported_post":false,"_kad_post_transparent":"","_kad_post_title":"","_kad_post_layout":"","_kad_post_sidebar_id":"","_kad_post_content_style":"","_kad_post_vertical_padding":"","_kad_post_feature":"","_kad_post_feature_position":"","_kad_post_header":false,"_kad_post_footer":false,"_kad_post_classname":"","footnotes":""},"class_list":["post-209","page","type-page","status-publish","hentry"],"_links":{"self":[{"href":"https:\/\/satukiljunen.com\/index.php\/wp-json\/wp\/v2\/pages\/209","targetHints":{"allow":["GET"]}}],"collection":[{"href":"https:\/\/satukiljunen.com\/index.php\/wp-json\/wp\/v2\/pages"}],"about":[{"href":"https:\/\/satukiljunen.com\/index.php\/wp-json\/wp\/v2\/types\/page"}],"author":[{"embeddable":true,"href":"https:\/\/satukiljunen.com\/index.php\/wp-json\/wp\/v2\/users\/1"}],"replies":[{"embeddable":true,"href":"https:\/\/satukiljunen.com\/index.php\/wp-json\/wp\/v2\/comments?post=209"}],"version-history":[{"count":3,"href":"https:\/\/satukiljunen.com\/index.php\/wp-json\/wp\/v2\/pages\/209\/revisions"}],"predecessor-version":[{"id":324,"href":"https:\/\/satukiljunen.com\/index.php\/wp-json\/wp\/v2\/pages\/209\/revisions\/324"}],"wp:attachment":[{"href":"https:\/\/satukiljunen.com\/index.php\/wp-json\/wp\/v2\/media?parent=209"}],"curies":[{"name":"wp","href":"https:\/\/api.w.org\/{rel}","templated":true}]}}