{"id":185,"date":"2021-11-24T10:31:03","date_gmt":"2021-11-24T10:31:03","guid":{"rendered":"https:\/\/satukiljunen.com\/?page_id=185"},"modified":"2021-11-24T16:14:01","modified_gmt":"2021-11-24T16:14:01","slug":"cv","status":"publish","type":"page","link":"https:\/\/satukiljunen.com\/index.php\/cv\/","title":{"rendered":"CV"},"content":{"rendered":"\n<p><strong>Kuvataiteilija Satu Kiljusen ansioluettelo<\/strong><strong> \/valikoitu<\/strong><\/p>\n\n\n\n<p><strong>syntynyt Helsingiss\u00e4 asunut 1992 l\u00e4htien K\u00f6karissa, ty\u00f6skentelee my\u00f6s Helsingiss\u00e4<\/strong><\/p>\n\n\n\n<p><strong>Opinnot: <\/strong>Kuvataideakatemia Helsinki 1974-78<\/p>\n\n\n\n<p>Opintoja Helsingin Yliopistossa taidehistoria p\u00e4\u00e4aineena ,Suomen historia, kansatiede, argeologia, estetiikka 1974-<\/p>\n\n\n\n<p>Opintoja monumentaalimaalaus osastolla Kungl.Akademien f\u00f6r de Fria Konsterna syksyll\u00e4 1977<\/p>\n\n\n\n<p><strong>Taideyliopiston kunniatohtori (2018)<\/strong><\/p>\n\n\n\n<p><strong>Taidemaalariliiton j\u00e4sen vuodesta 1980<\/strong><\/p>\n\n\n\n<p><strong>Professoriliiton j\u00e4sen<\/strong><\/p>\n\n\n\n<p><strong>Muu ry:n j\u00e4sen<\/strong><\/p>\n\n\n\n<p><strong>Yksityisn\u00e4yttelyit\u00e4<\/strong><\/p>\n\n\n\n<p>Vanhan Ylioppilastalon galleria Helsinki 1982<\/p>\n\n\n\n<p>Galleria Katariina 1983<\/p>\n\n\n\n<p>Galleria Pelin 1986<\/p>\n\n\n\n<p>Helsingin Taidehalli 1991<\/p>\n\n\n\n<p>Maarianhaminan taidemuseo 1994<\/p>\n\n\n\n<p>Kakelhallen Maarianhamina 1999<\/p>\n\n\n\n<p>Kuvataideakatemian galleria 2000<\/p>\n\n\n\n<p>Krista Mikkolan galleria Helsinki 2001<\/p>\n\n\n\n<p>Amos Andersson S\u00f6derl\u00e5ngvik 2002<\/p>\n\n\n\n<p>Maarianhaminan kirjasto 2002<\/p>\n\n\n\n<p>Kakelhallen Maarianhamina 2005<\/p>\n\n\n\n<p>Galleria Krista Mikkola Helsinki 2006<\/p>\n\n\n\n<p>Kakelhallen Maarianhamina 2010<\/p>\n\n\n\n<p>Dagmarinkatu 13 B 6, 2011, Helsinki<\/p>\n\n\n\n<p>Kakelhallen Maarianhamina lokakuu 2013<\/p>\n\n\n\n<p>Galleria G Helsinki tammikuu 2017<\/p>\n\n\n\n<p><strong>Yhteisn\u00e4yttelyit\u00e4<\/strong><\/p>\n\n\n\n<p><strong>Yhteisn\u00e4yttelyit\u00e4 Suomessa vuodesta 1979 mm.<\/strong><\/p>\n\n\n\n<p>Suomen Taiteilijaseuran vuosin\u00e4yttely 1979,80,83,88<\/p>\n\n\n\n<p>Aluen\u00e4yttely 1977,79,81<\/p>\n\n\n\n<p>Valtakunnan n\u00e4yttely 1979<\/p>\n\n\n\n<p>Nuorten n\u00e4yttelyt 1977,79,80<\/p>\n\n\n\n<p>Suomen Kuvataidej\u00e4rjest\u00f6jen liiton n\u00e4yttelyt 1977, 80<\/p>\n\n\n\n<p>Suvi-Pinx 1978,79,80<\/p>\n\n\n\n<p>Valo ja aine Helsingin kaupungin taidemuseo 1988<\/p>\n\n\n\n<p>Suomen Taiteilijaseuran 125-vuotisjuhlan\u00e4yttely Ateneum 1989<\/p>\n\n\n\n<p>Tila ja ymp\u00e4rist\u00f6 Kajaanin Taidehalli 1990<\/p>\n\n\n\n<p>Galleria Pelinin 10-vuotisn\u00e4yttely 1991<\/p>\n\n\n\n<p>Attitude Ecker\u00f6n postitalo \u00c5land 1995<\/p>\n\n\n\n<p>Ymp\u00e4rist\u00f6teos Tampereella valotauluissa Jussi Heikkil\u00e4n kanssa 1995<\/p>\n\n\n\n<p>Alvar Aalto-museo Jyv\u00e4skyl\u00e4 Naken mig 1995-1996<\/p>\n\n\n\n<p>Kroppsn\u00e4ra Alvar Aalto museo 1997<\/p>\n\n\n\n<p>Syner, Sights, N\u00e4kyj\u00e4-n\u00e4yttely Tammisaari 1998<\/p>\n\n\n\n<p>Art Farm, Kasteholma, \u00c5land 1999<\/p>\n\n\n\n<p>Kiasma, kontti, Calvinon muistiot 2000<\/p>\n\n\n\n<p>AX,Amos Andersson 2007<\/p>\n\n\n\n<p>AX,Maarianhaminan taidemuseo 2007<\/p>\n\n\n\n<p>Pyh\u00e4niemenkartano 2012<\/p>\n\n\n\n<p>Aboa Vetus Performanssi Suomessa 2013, Turku<\/p>\n\n\n\n<p>Muotokuva, Lahden taidemuseo, 18.10. 2013-19.4.2014<\/p>\n\n\n\n<p>Puss&amp;Kram, sommar-h\u00f6st 2014 Ecker\u00f6 Post-och Tullhus,<\/p>\n\n\n\n<p>Yhteisn\u00e4yttelyit\u00e4 <strong>ulkomailla<\/strong> mm.<\/p>\n\n\n\n<p>Kiljunen-Tanttu, Experimential video-art Arnheim, Amsterdam 1988<\/p>\n\n\n\n<p>(Keinotekoinen omakuva, Voitto Auringosta animaatiovideo)<\/p>\n\n\n\n<p>M\u00e4ki,Vaara,Kiljunen kokeellisen taiteen n\u00e4yttely Riga 1993<\/p>\n\n\n\n<p>Kroppsn\u00e4ra- n\u00e4yttely Norrk\u00f6ping 1996, Henie Onstad Taidekeskus Oslo 1997,<\/p>\n\n\n\n<p>Vestsj\u00e4ellands taidemuseo Tanska 1997, Kjarvalstadir Islanti 1998<\/p>\n\n\n\n<p>Lanntair Stornoway, Scotland 2008<\/p>\n\n\n\n<p>Portrait Now, Tanska, Frederiksborg, 2013<\/p>\n\n\n\n<p>Portrait Now, Ljungbymuseum,Ruotsi, 2013<\/p>\n\n\n\n<p><strong>Teoksia julkisissa kokoelmissa<\/strong><\/p>\n\n\n\n<p>Valtio, Kuntsi, KOP, Helsingin kaupunki<\/p>\n\n\n\n<p>Maarianhaminan taidemuseo<\/p>\n\n\n\n<p>Pro Artibus \/ Svenska kulturfonden<\/p>\n\n\n\n<p>Maarianhaminan kaupunki<\/p>\n\n\n\n<p><strong>Kutsukilpailut<\/strong><\/p>\n\n\n\n<p>Alandica kultur-och kongresshus 2007-2008 1. Palkinto<\/p>\n\n\n\n<p>Pohjoismainen kilpailu :Maarianhaminan kaupunki (Vattenskulpture) 2000Kansainv\u00e4linen kilpailu:Fredericia Port Sculpture Skyline 2000-2001<\/p>\n\n\n\n<p><strong>Julkiset<\/strong><strong>teokset<\/strong><\/p>\n\n\n\n<p>Swing, 2009, Alandica Maarianhamina<\/p>\n\n\n\n<p>Talmansportr\u00e4tt, Barbro Sundback 2012<\/p>\n\n\n\n<p><strong>Apurahat, stipendit, palkinnot<\/strong><\/p>\n\n\n\n<p>Kuvataiteen valtionpalkinto 1985 Jack Helen Brut-ryhm\u00e4n kanssa<\/p>\n\n\n\n<p>Valtion vuosiapuraha 1986, 89, 05<\/p>\n\n\n\n<p>Valtion 3-vuotinen apuraha 1991-1993<\/p>\n\n\n\n<p>Uudenmaan l\u00e4\u00e4nin ty\u00f6skentelyapuraha 1987<\/p>\n\n\n\n<p>Helsingin kaupungin kuvataideapuraha 1979<\/p>\n\n\n\n<p>Valtion kohdeapuraha 1981,82<\/p>\n\n\n\n<p>Kulttuurirahasto 1-vuotinen apuraha 2004<\/p>\n\n\n\n<p>Landskapet \u00c5lands ty\u00f6skentelyapuraha 2005<\/p>\n\n\n\n<p>Valtion 5-vuotinen apuraha 1995-1999, 2007-2011<\/p>\n\n\n\n<p>Alfred Kordelin s\u00e4\u00e4ti\u00f6 ty\u00f6skentelyapuraha 2012<\/p>\n\n\n\n<p>Taiteilijael\u00e4ke 2018<\/p>\n\n\n\n<p><strong>Muu kuvataiteellinen toiminta<\/strong><\/p>\n\n\n\n<p><strong>Toiminta kokeellisen esitystaiteen parissa:<\/strong><\/p>\n\n\n\n<p>Kokeellisen visuaalinen ryhm\u00e4n Jack Helen Brut vet\u00e4j\u00e41981-1987<\/p>\n\n\n\n<p>JHB-ryhm\u00e4n osallistunut ulkomaisille performance, teatteri, ja videofestivaaleille:<\/p>\n\n\n\n<p>Oslo \u201dSuomen Taide nyt\u201d Henie Onstad-keskus 1983,<\/p>\n\n\n\n<p>Reykjavik Opera 1984,<\/p>\n\n\n\n<p>Lissabon Gulbenkian museo 1984,<\/p>\n\n\n\n<p>Madrid 1985 Sala Olimpia<\/p>\n\n\n\n<p>Lukuisia esityksi\u00e4 ymp\u00e4ri Suomea, viimeisin \u201dKristallipallo\u201d Retretti 1987 sek\u00e4 Loop-rekonstruktio vuodelta 1985 Kiasma-teatterissa 2000.<\/p>\n\n\n\n<p><strong>Ohjannut ja suunnitellut:<\/strong><\/p>\n\n\n\n<p>Ikuisuus on nykyhetkess\u00e4 Finlandia-talo 1990<\/p>\n\n\n\n<p>\u201d2m kertaa 21m \/ ikuisuus on nykyhetkess\u00e4-tulevaisuus on nyt\u201d\u201d Helsingin kaupungin taidemuseo 1990,<\/p>\n\n\n\n<p>\u201dKahdeksan omael\u00e4m\u00e4nkertaa\u201d Imatra 1991,<\/p>\n\n\n\n<p>\u201dEsitys installaationa\u201d Kajaani Kaukamets\u00e4 1990<\/p>\n\n\n\n<p><strong>Visuaalisena suunnittelijana ja apulaisohjaajana:<\/strong><\/p>\n\n\n\n<p>\u201dVoitto auringosta\u201d oopperan (Malevits1913) ja Elisabet Bam (Harms 1927)n\u00e4ytelm\u00e4n rekonstruoimiseksi 1987 Imatralle ven\u00e4l\u00e4isen avantgarden festivaaleille sek\u00e4 Vanhalle Ylioppilastalolle Helsinkiin 1988<\/p>\n\n\n\n<p>Mars teatterin \u201d Dr\u00f6mspelet\u201d 1989<\/p>\n\n\n\n<p>Lukuisia yhteisty\u00f6produktioita ohjaaja Annette Arlanderin kanssa.<\/p>\n\n\n\n<p>Hydra-esitys Viborg Tanska Suomenlinna 1988?<\/p>\n\n\n\n<p><strong>Toiminut n\u00e4yttelyiden kuraattorina:<\/strong><\/p>\n\n\n\n<p>Imatralla ven\u00e4l\u00e4isen avantgarden festivaali 1987<\/p>\n\n\n\n<p>Identiteetti- minuus Nykytaiteen museo Hki ja Moskova 1992-93<\/p>\n\n\n\n<p>Ty\u00f6skennellyt <strong>SIKSI-lehden toimituskunnassa<\/strong> 1986-89,<\/p>\n\n\n\n<p><strong>TAIDE-lehden<\/strong> <strong>toimituskunnassa<\/strong> 1991-93<\/p>\n\n\n\n<p>Toimittanut <strong>Taidehalli-julkaisun <\/strong>Performance-85<\/p>\n\n\n\n<p>Kuvan tekeminen on n\u00e4kyv\u00e4ksi tekemist\u00e4-artikkeli Tiedepolitiikka 2\/90<\/p>\n\n\n\n<p>Suunnitellut taiton ja muun visuaalisen ulkoasun <strong>RADAR<\/strong>-julkaisuun (\u00c5L\u00c4NDSK TIDSKRIFT F\u00d6R KULTUR OCH SAMH\u00c4LLE) 1997<\/p>\n\n\n\n<p>Toimittanut kirjan <strong>\u201dTaiteellinen tutkimus\u201d 2001 ja Artistic research<\/strong>, Mika Hannulan kanssa, 2002<\/p>\n\n\n\n<p><strong>Opetustoiminta<\/strong>:<\/p>\n\n\n\n<p>Tuntiopettajana Visuaalisen kielen perusteiden opetusta, Pallas-opetusta Taideteollisessa korkeakoulussa 1986- 1997, valittiin \u201dVuoden opettajaksi\u201d 1986<\/p>\n\n\n\n<p>Tuntiopetusta maalaus- sek\u00e4 tila-aika taiteen laitoksella Kuvataideakatemiassa 1987-97<\/p>\n\n\n\n<p>Ohjannut ja tarkastanut lukuisia lopput\u00f6it\u00e4, opettanut visuaalista ajattelua ohjaaja -ja dramaturgi opiskelijoille ja ollut vet\u00e4j\u00e4n\u00e4 monissa taidekorkeakoulujen poikkitaiteellisissa hankkeissa.<\/p>\n\n\n\n<p>Pit\u00e4nyt lukuisia luentoja omasta ty\u00f6skentelyst\u00e4 eri korkeakouluissa ja kansainv\u00e4lisiss\u00e4 kokouksissa.<\/p>\n\n\n\n<p><strong>K\u00e4ynnist\u00e4nyt tohtoriopinnot Kuvataideakatemiassa, 1997-2000<\/strong><\/p>\n\n\n\n<p><strong>Kuvataiteellisen tutkimuksen professori 2000-2003 Kuvataideakatemiassa, Esitarkastuslautakunnan pj. Kuvataidekatemia 2006-2020<\/strong><\/p>\n\n\n\n<p><strong>Ohjelmia radiossa ja TV:ss\u00e4<\/strong><\/p>\n\n\n\n<p>Taiteen laita TV-ohjelma, Amateur scientist, omasta ty\u00f6skentelyst\u00e4 1988, ohjaajana Tarja Stranden<\/p>\n\n\n\n<p>Lukuisia radio- ja TV haastatteluja<\/p>\n\n\n\n<p>Saarelaisia TV-dokumentti 2000 ohjaaja Tarja Stranden<\/p>\n\n\n\n<p><strong>Julkaisuja:<\/strong><\/p>\n\n\n\n<p>Paletten -83Teatteri-lehti -83, -90Taide \u201383, -01Form and function -83, -86,Art &amp; Design 89<\/p>\n\n\n\n<p><strong>Luottamustoimia:<\/strong><\/p>\n\n\n\n<p>Taidemaalariliiton hallitus 1980<\/p>\n\n\n\n<p>Pohjoismaisen taiteilijliiton Suomen hallitus 1982-85<\/p>\n\n\n\n<p>VISEK&nbsp;hallitus 1985-89<\/p>\n\n\n\n<p>AVEK 1984-87<\/p>\n\n\n\n<p>Nordiskt konst- och konstindustrikommiteen hallituksen j\u00e4sen 1998-2000<\/p>\n\n\n\n<p>Valtion kuvataidetoimikunnan puheenjohtaja Taiteen keskustoimikunnan j\u00e4sen 1995-1997,1998-2000<\/p>\n","protected":false},"excerpt":{"rendered":"<p>Kuvataiteilija Satu Kiljusen ansioluettelo \/valikoitu syntynyt Helsingiss\u00e4 asunut 1992 l\u00e4htien K\u00f6karissa, ty\u00f6skentelee my\u00f6s Helsingiss\u00e4 Opinnot: Kuvataideakatemia Helsinki 1974-78 Opintoja Helsingin Yliopistossa taidehistoria p\u00e4\u00e4aineena ,Suomen historia, kansatiede, argeologia, estetiikka 1974- Opintoja monumentaalimaalaus osastolla Kungl.Akademien f\u00f6r de Fria Konsterna syksyll\u00e4 1977 Taideyliopiston kunniatohtori (2018) Taidemaalariliiton j\u00e4sen vuodesta 1980 Professoriliiton j\u00e4sen Muu ry:n j\u00e4sen Yksityisn\u00e4yttelyit\u00e4 Vanhan Ylioppilastalon galleria&#8230;<\/p>\n","protected":false},"author":1,"featured_media":0,"parent":0,"menu_order":0,"comment_status":"closed","ping_status":"closed","template":"","meta":{"_kadence_starter_templates_imported_post":false,"_kad_post_transparent":"","_kad_post_title":"","_kad_post_layout":"","_kad_post_sidebar_id":"","_kad_post_content_style":"","_kad_post_vertical_padding":"","_kad_post_feature":"","_kad_post_feature_position":"","_kad_post_header":false,"_kad_post_footer":false,"_kad_post_classname":"","footnotes":""},"class_list":["post-185","page","type-page","status-publish","hentry"],"_links":{"self":[{"href":"https:\/\/satukiljunen.com\/index.php\/wp-json\/wp\/v2\/pages\/185","targetHints":{"allow":["GET"]}}],"collection":[{"href":"https:\/\/satukiljunen.com\/index.php\/wp-json\/wp\/v2\/pages"}],"about":[{"href":"https:\/\/satukiljunen.com\/index.php\/wp-json\/wp\/v2\/types\/page"}],"author":[{"embeddable":true,"href":"https:\/\/satukiljunen.com\/index.php\/wp-json\/wp\/v2\/users\/1"}],"replies":[{"embeddable":true,"href":"https:\/\/satukiljunen.com\/index.php\/wp-json\/wp\/v2\/comments?post=185"}],"version-history":[{"count":3,"href":"https:\/\/satukiljunen.com\/index.php\/wp-json\/wp\/v2\/pages\/185\/revisions"}],"predecessor-version":[{"id":329,"href":"https:\/\/satukiljunen.com\/index.php\/wp-json\/wp\/v2\/pages\/185\/revisions\/329"}],"wp:attachment":[{"href":"https:\/\/satukiljunen.com\/index.php\/wp-json\/wp\/v2\/media?parent=185"}],"curies":[{"name":"wp","href":"https:\/\/api.w.org\/{rel}","templated":true}]}}